{"id":815,"date":"2025-04-26T15:14:38","date_gmt":"2025-04-26T15:14:38","guid":{"rendered":"https:\/\/freier-redner-thomas-daamen.de\/?page_id=815"},"modified":"2026-01-21T15:49:44","modified_gmt":"2026-01-21T15:49:44","slug":"freie-trauung","status":"publish","type":"page","link":"https:\/\/freier-redner-thomas-daamen.de\/en\/freie-trauung\/","title":{"rendered":"Trauredner &#8211; Redner f\u00fcr Eure Freie Trauung"},"content":{"rendered":"<figure class=\"wp-block-image\"><img loading=\"lazy\" decoding=\"async\" width=\"1905\" height=\"539\" src=\"https:\/\/freier-redner-thomas-daamen.de\/wp-content\/uploads\/2025\/05\/traurede-brautigam-ehering.jpg\" alt=\"\" class=\"wp-image-908\" srcset=\"https:\/\/freier-redner-thomas-daamen.de\/wp-content\/uploads\/2025\/05\/traurede-brautigam-ehering.jpg 1905w, https:\/\/freier-redner-thomas-daamen.de\/wp-content\/uploads\/2025\/05\/traurede-brautigam-ehering-300x85.jpg 300w, https:\/\/freier-redner-thomas-daamen.de\/wp-content\/uploads\/2025\/05\/traurede-brautigam-ehering-1024x290.jpg 1024w, https:\/\/freier-redner-thomas-daamen.de\/wp-content\/uploads\/2025\/05\/traurede-brautigam-ehering-768x217.jpg 768w, https:\/\/freier-redner-thomas-daamen.de\/wp-content\/uploads\/2025\/05\/traurede-brautigam-ehering-1536x435.jpg 1536w, https:\/\/freier-redner-thomas-daamen.de\/wp-content\/uploads\/2025\/05\/traurede-brautigam-ehering-18x5.jpg 18w\" sizes=\"auto, (max-width: 1905px) 100vw, 1905px\" \/><\/figure>\n\n\n\n<h1 class=\"wp-block-heading\">Wedding celebrant for your non-religious wedding ceremony<\/h1>\n\n\n\n<div class=\"wp-block-group is-nowrap is-layout-flex wp-container-core-group-is-layout-6c531013 wp-block-group-is-layout-flex\">\n<p>Your wedding, your independent wedding ceremony is more than just a celebration. It is a moment that tells the story of your love and marks the beginning of your journey together. This is exactly what your ceremony should reflect: unique, full of life and as personal as you are. As a celebrant for your independent wedding ceremony, I am happy to support you.<\/p>\n<\/div>\n\n\n\n<figure class=\"wp-block-image size-large\"><img loading=\"lazy\" decoding=\"async\" width=\"1024\" height=\"683\" src=\"https:\/\/freier-redner-thomas-daamen.de\/wp-content\/uploads\/2025\/04\/trauung-location-1024x683.jpg\" alt=\"\" class=\"wp-image-812\" srcset=\"https:\/\/freier-redner-thomas-daamen.de\/wp-content\/uploads\/2025\/04\/trauung-location-1024x683.jpg 1024w, https:\/\/freier-redner-thomas-daamen.de\/wp-content\/uploads\/2025\/04\/trauung-location-300x200.jpg 300w, https:\/\/freier-redner-thomas-daamen.de\/wp-content\/uploads\/2025\/04\/trauung-location-768x512.jpg 768w, https:\/\/freier-redner-thomas-daamen.de\/wp-content\/uploads\/2025\/04\/trauung-location-1536x1024.jpg 1536w, https:\/\/freier-redner-thomas-daamen.de\/wp-content\/uploads\/2025\/04\/trauung-location-18x12.jpg 18w, https:\/\/freier-redner-thomas-daamen.de\/wp-content\/uploads\/2025\/04\/trauung-location.jpg 1920w\" sizes=\"auto, (max-width: 1024px) 100vw, 1024px\" \/><\/figure>\n\n\n<p>The focus is on your wishes and I create an atmosphere that allows you and your guests to arrive relaxed - right in the moment.<\/p>\n\n\n<figure class=\"wp-block-image size-large\"><img loading=\"lazy\" decoding=\"async\" width=\"1024\" height=\"683\" src=\"https:\/\/freier-redner-thomas-daamen.de\/wp-content\/uploads\/2026\/01\/Freier-Redner-Thomas-Daamen-Muenchen-Bayern-2-1024x683.png\" alt=\"\" class=\"wp-image-1188\" srcset=\"https:\/\/freier-redner-thomas-daamen.de\/wp-content\/uploads\/2026\/01\/Freier-Redner-Thomas-Daamen-Muenchen-Bayern-2-1024x683.png 1024w, https:\/\/freier-redner-thomas-daamen.de\/wp-content\/uploads\/2026\/01\/Freier-Redner-Thomas-Daamen-Muenchen-Bayern-2-300x200.png 300w, https:\/\/freier-redner-thomas-daamen.de\/wp-content\/uploads\/2026\/01\/Freier-Redner-Thomas-Daamen-Muenchen-Bayern-2-768x512.png 768w, https:\/\/freier-redner-thomas-daamen.de\/wp-content\/uploads\/2026\/01\/Freier-Redner-Thomas-Daamen-Muenchen-Bayern-2-18x12.png 18w, https:\/\/freier-redner-thomas-daamen.de\/wp-content\/uploads\/2026\/01\/Freier-Redner-Thomas-Daamen-Muenchen-Bayern-2.png 1063w\" sizes=\"auto, (max-width: 1024px) 100vw, 1024px\" \/><\/figure>\n\n\n\n<h2 class=\"wp-block-heading\">My duty as a celebrant<\/h2>\n\n\n\n<ul class=\"wp-block-list\">\n<li>We will have two preliminary meetings together - in Munich or online. The initial meeting can be arranged at short notice and is non-binding for you - you then decide whether we would like to work together.<\/li>\n\n\n\n<li>I will advise you on your ceremony and plan it according to your wishes. You still have no idea what it could look like? I will support you with an individual brochure with ideas for your ceremony.<\/li>\n\n\n\n<li>I am not just there for you shortly before the wedding speech, but am available to answer your questions about the independent wedding ceremony at any time up until your wedding.<\/li>\n\n\n\n<li>As the wedding officiant, I conduct and moderate the ceremony from the entrance to the exit, of course including the individually prepared speech about you and your love.<\/li>\n\n\n\n<li>I give wedding speeches in German, English or Italian.<\/li>\n\n\n\n<li>Lots of guests? No problem. My sound system ensures that I can be heard clearly even in the last row.<\/li>\n\n\n\n<li>Reliability: If I have an unexpected absence, the celebrant agency I trust will take care of finding a replacement in the background. So far this has never been necessary, but better safe than sorry!<\/li>\n<\/ul>\n\n\n\n<figure class=\"wp-block-gallery has-nested-images columns-default is-cropped wp-block-gallery-1 is-layout-flex wp-block-gallery-is-layout-flex\">\n<figure class=\"wp-block-image size-large\"><img loading=\"lazy\" decoding=\"async\" width=\"1024\" height=\"683\" data-id=\"811\" src=\"https:\/\/freier-redner-thomas-daamen.de\/wp-content\/uploads\/2025\/04\/trauung-tischreihe-1024x683.jpg\" alt=\"\" class=\"wp-image-811\" srcset=\"https:\/\/freier-redner-thomas-daamen.de\/wp-content\/uploads\/2025\/04\/trauung-tischreihe-1024x683.jpg 1024w, https:\/\/freier-redner-thomas-daamen.de\/wp-content\/uploads\/2025\/04\/trauung-tischreihe-300x200.jpg 300w, https:\/\/freier-redner-thomas-daamen.de\/wp-content\/uploads\/2025\/04\/trauung-tischreihe-768x512.jpg 768w, https:\/\/freier-redner-thomas-daamen.de\/wp-content\/uploads\/2025\/04\/trauung-tischreihe-1536x1024.jpg 1536w, https:\/\/freier-redner-thomas-daamen.de\/wp-content\/uploads\/2025\/04\/trauung-tischreihe-18x12.jpg 18w, https:\/\/freier-redner-thomas-daamen.de\/wp-content\/uploads\/2025\/04\/trauung-tischreihe.jpg 1920w\" sizes=\"auto, (max-width: 1024px) 100vw, 1024px\" \/><\/figure>\n\n\n\n<figure class=\"wp-block-image size-large\"><img loading=\"lazy\" decoding=\"async\" width=\"1024\" height=\"684\" data-id=\"810\" src=\"https:\/\/freier-redner-thomas-daamen.de\/wp-content\/uploads\/2025\/04\/trauung-brauptpaar-brautstrauss-1024x684.jpg\" alt=\"\" class=\"wp-image-810\" srcset=\"https:\/\/freier-redner-thomas-daamen.de\/wp-content\/uploads\/2025\/04\/trauung-brauptpaar-brautstrauss-1024x684.jpg 1024w, https:\/\/freier-redner-thomas-daamen.de\/wp-content\/uploads\/2025\/04\/trauung-brauptpaar-brautstrauss-300x200.jpg 300w, https:\/\/freier-redner-thomas-daamen.de\/wp-content\/uploads\/2025\/04\/trauung-brauptpaar-brautstrauss-768x513.jpg 768w, https:\/\/freier-redner-thomas-daamen.de\/wp-content\/uploads\/2025\/04\/trauung-brauptpaar-brautstrauss-1536x1026.jpg 1536w, https:\/\/freier-redner-thomas-daamen.de\/wp-content\/uploads\/2025\/04\/trauung-brauptpaar-brautstrauss-18x12.jpg 18w, https:\/\/freier-redner-thomas-daamen.de\/wp-content\/uploads\/2025\/04\/trauung-brauptpaar-brautstrauss.jpg 1920w\" sizes=\"auto, (max-width: 1024px) 100vw, 1024px\" \/><\/figure>\n<\/figure>\n\n\n\n<div class=\"wp-block-group has-global-padding is-layout-constrained wp-block-group-is-layout-constrained\">\n<p>Let's create a ceremony together that suits you and that you will remember forever. Whether intimate and solemn, humorous or full of lightness - during the independent wedding ceremony I will find the right words to capture the essence of your relationship and bring it to life.<\/p>\n<\/div>\n\n\n\n<figure class=\"wp-block-image size-large\"><img loading=\"lazy\" decoding=\"async\" width=\"1024\" height=\"683\" src=\"https:\/\/freier-redner-thomas-daamen.de\/wp-content\/uploads\/2025\/04\/trauung-essenstafel-1024x683.jpg\" alt=\"\" class=\"wp-image-814\" srcset=\"https:\/\/freier-redner-thomas-daamen.de\/wp-content\/uploads\/2025\/04\/trauung-essenstafel-1024x683.jpg 1024w, https:\/\/freier-redner-thomas-daamen.de\/wp-content\/uploads\/2025\/04\/trauung-essenstafel-300x200.jpg 300w, https:\/\/freier-redner-thomas-daamen.de\/wp-content\/uploads\/2025\/04\/trauung-essenstafel-768x512.jpg 768w, https:\/\/freier-redner-thomas-daamen.de\/wp-content\/uploads\/2025\/04\/trauung-essenstafel-1536x1025.jpg 1536w, https:\/\/freier-redner-thomas-daamen.de\/wp-content\/uploads\/2025\/04\/trauung-essenstafel-18x12.jpg 18w, https:\/\/freier-redner-thomas-daamen.de\/wp-content\/uploads\/2025\/04\/trauung-essenstafel.jpg 1920w\" sizes=\"auto, (max-width: 1024px) 100vw, 1024px\" \/><\/figure>\n\n\n\n<div class=\"wp-block-group has-global-padding is-layout-constrained wp-block-group-is-layout-constrained\">\n<p>Relax and enjoy the excitement of your big day. Your love deserves a special setting. I look forward to getting to know you and creating your unique \u201cI do\u201d together!<\/p>\n<\/div>\n\n\n\n<div class=\"wp-block-buttons is-layout-flex wp-block-buttons-is-layout-flex\">\n<div class=\"wp-block-button\"><a class=\"wp-block-button__link wp-element-button\" href=\"https:\/\/freier-redner-thomas-daamen.de\/en\/kontakt\/\">ARRANGE A MEETING NOW - FREE OF CHARGE AND WITHOUT ANY OBLIGATION!<\/a><\/div>\n<\/div>","protected":false},"excerpt":{"rendered":"<p>Trauredner bei Eurer Freien Trauung Eure Hochzeit, Eure Freie Trauung ist mehr als ein Fest. Es ist ein Moment, der die Geschichte Eurer Liebe erz\u00e4hlt und der den Beginn Eures gemeinsamen Weges markiert. Genau das soll Eure Zeremonie widerspiegeln: einzigartig, voller Leben und so pers\u00f6nlich wie Ihr selbst. Als Trauredner f\u00fcr Eure Freie Trauung unterst\u00fctze [&hellip;]<\/p>\n","protected":false},"author":2,"featured_media":0,"parent":0,"menu_order":0,"comment_status":"closed","ping_status":"closed","template":"","meta":{"footnotes":""},"class_list":["post-815","page","type-page","status-publish","hentry"],"yoast_head":"<!-- This site is optimized with the Yoast SEO plugin v27.5 - https:\/\/yoast.com\/product\/yoast-seo-wordpress\/ -->\n<title>M\u00fcnchen &amp; Bayern: Trauredner - Redner f\u00fcr Eure Freie Trauung - Thomas Daamen | Zertifizierter Freier Redner (ZFR) | Freier Redner (IHK)<\/title>\n<meta name=\"description\" content=\"Euer Tag, Eure Geschichte, Eure Momente: Hochzeits- &amp; Trauredner Thomas f\u00fcr Eure Trauung. Gemeinsam Eure unvergessliche Hochzeit gestalten!\" \/>\n<meta name=\"robots\" content=\"index, follow, max-snippet:-1, max-image-preview:large, max-video-preview:-1\" \/>\n<link rel=\"canonical\" href=\"https:\/\/freier-redner-thomas-daamen.de\/en\/freie-trauung\/\" \/>\n<meta property=\"og:locale\" content=\"en_US\" \/>\n<meta property=\"og:type\" content=\"article\" \/>\n<meta property=\"og:title\" content=\"M\u00fcnchen &amp; Bayern: Trauredner - Redner f\u00fcr Eure Freie Trauung - Thomas Daamen | Zertifizierter Freier Redner (ZFR) | Freier Redner (IHK)\" \/>\n<meta property=\"og:description\" content=\"Euer Tag, Eure Geschichte, Eure Momente: Hochzeits- &amp; Trauredner Thomas f\u00fcr Eure Trauung. Gemeinsam Eure unvergessliche Hochzeit gestalten!\" \/>\n<meta property=\"og:url\" content=\"https:\/\/freier-redner-thomas-daamen.de\/en\/freie-trauung\/\" \/>\n<meta property=\"og:site_name\" content=\"Thomas Daamen | Zertifizierter Freier Redner (ZFR) | Freier Redner (IHK)\" \/>\n<meta property=\"article:publisher\" content=\"https:\/\/www.facebook.com\/thomas.daamen.14\" \/>\n<meta property=\"article:modified_time\" content=\"2026-01-21T15:49:44+00:00\" \/>\n<meta property=\"og:image\" content=\"https:\/\/freier-redner-thomas-daamen.de\/wp-content\/uploads\/2025\/05\/traurede-brautigam-ehering.jpg\" \/>\n\t<meta property=\"og:image:width\" content=\"1905\" \/>\n\t<meta property=\"og:image:height\" content=\"539\" \/>\n\t<meta property=\"og:image:type\" content=\"image\/jpeg\" \/>\n<meta name=\"twitter:card\" content=\"summary_large_image\" \/>\n<meta name=\"twitter:label1\" content=\"Est. reading time\" \/>\n\t<meta name=\"twitter:data1\" content=\"4 minutes\" \/>\n<script type=\"application\/ld+json\" class=\"yoast-schema-graph\">{\"@context\":\"https:\\\/\\\/schema.org\",\"@graph\":[{\"@type\":\"WebPage\",\"@id\":\"https:\\\/\\\/freier-redner-thomas-daamen.de\\\/freie-trauung\\\/\",\"url\":\"https:\\\/\\\/freier-redner-thomas-daamen.de\\\/freie-trauung\\\/\",\"name\":\"M\u00fcnchen & Bayern: Trauredner - Redner f\u00fcr Eure Freie Trauung - Thomas Daamen | Zertifizierter Freier Redner (ZFR) | Freier Redner (IHK)\",\"isPartOf\":{\"@id\":\"https:\\\/\\\/freier-redner-thomas-daamen.de\\\/#website\"},\"primaryImageOfPage\":{\"@id\":\"https:\\\/\\\/freier-redner-thomas-daamen.de\\\/freie-trauung\\\/#primaryimage\"},\"image\":{\"@id\":\"https:\\\/\\\/freier-redner-thomas-daamen.de\\\/freie-trauung\\\/#primaryimage\"},\"thumbnailUrl\":\"https:\\\/\\\/freier-redner-thomas-daamen.de\\\/wp-content\\\/uploads\\\/2025\\\/05\\\/traurede-brautigam-ehering.jpg\",\"datePublished\":\"2025-04-26T15:14:38+00:00\",\"dateModified\":\"2026-01-21T15:49:44+00:00\",\"description\":\"Euer Tag, Eure Geschichte, Eure Momente: Hochzeits- & Trauredner Thomas f\u00fcr Eure Trauung. Gemeinsam Eure unvergessliche Hochzeit gestalten!\",\"breadcrumb\":{\"@id\":\"https:\\\/\\\/freier-redner-thomas-daamen.de\\\/freie-trauung\\\/#breadcrumb\"},\"inLanguage\":\"en-US\",\"potentialAction\":[{\"@type\":\"ReadAction\",\"target\":[\"https:\\\/\\\/freier-redner-thomas-daamen.de\\\/freie-trauung\\\/\"]}]},{\"@type\":\"ImageObject\",\"inLanguage\":\"en-US\",\"@id\":\"https:\\\/\\\/freier-redner-thomas-daamen.de\\\/freie-trauung\\\/#primaryimage\",\"url\":\"https:\\\/\\\/freier-redner-thomas-daamen.de\\\/wp-content\\\/uploads\\\/2025\\\/05\\\/traurede-brautigam-ehering.jpg\",\"contentUrl\":\"https:\\\/\\\/freier-redner-thomas-daamen.de\\\/wp-content\\\/uploads\\\/2025\\\/05\\\/traurede-brautigam-ehering.jpg\"},{\"@type\":\"BreadcrumbList\",\"@id\":\"https:\\\/\\\/freier-redner-thomas-daamen.de\\\/freie-trauung\\\/#breadcrumb\",\"itemListElement\":[{\"@type\":\"ListItem\",\"position\":1,\"name\":\"Startseite\",\"item\":\"https:\\\/\\\/freier-redner-thomas-daamen.de\\\/\"},{\"@type\":\"ListItem\",\"position\":2,\"name\":\"Trauredner &#8211; Redner f\u00fcr Eure Freie Trauung\"}]},{\"@type\":\"WebSite\",\"@id\":\"https:\\\/\\\/freier-redner-thomas-daamen.de\\\/#website\",\"url\":\"https:\\\/\\\/freier-redner-thomas-daamen.de\\\/\",\"name\":\"Thomas Daamen | Zertifizierter Freier Redner (ZFR) | Freier Redner (IHK)\",\"description\":\"Hochzeitsredner Trauredner Trauerredner in M&uuml;nchen und Bayern\",\"publisher\":{\"@id\":\"https:\\\/\\\/freier-redner-thomas-daamen.de\\\/#\\\/schema\\\/person\\\/0905f51c6fa3b02c1828397d130b28c6\"},\"potentialAction\":[{\"@type\":\"SearchAction\",\"target\":{\"@type\":\"EntryPoint\",\"urlTemplate\":\"https:\\\/\\\/freier-redner-thomas-daamen.de\\\/?s={search_term_string}\"},\"query-input\":{\"@type\":\"PropertyValueSpecification\",\"valueRequired\":true,\"valueName\":\"search_term_string\"}}],\"inLanguage\":\"en-US\"},{\"@type\":[\"Person\",\"Organization\"],\"@id\":\"https:\\\/\\\/freier-redner-thomas-daamen.de\\\/#\\\/schema\\\/person\\\/0905f51c6fa3b02c1828397d130b28c6\",\"name\":\"admin\",\"image\":{\"@type\":\"ImageObject\",\"inLanguage\":\"en-US\",\"@id\":\"https:\\\/\\\/freier-redner-thomas-daamen.de\\\/wp-content\\\/uploads\\\/2025\\\/05\\\/cropped-favicon_TD.png\",\"url\":\"https:\\\/\\\/freier-redner-thomas-daamen.de\\\/wp-content\\\/uploads\\\/2025\\\/05\\\/cropped-favicon_TD.png\",\"contentUrl\":\"https:\\\/\\\/freier-redner-thomas-daamen.de\\\/wp-content\\\/uploads\\\/2025\\\/05\\\/cropped-favicon_TD.png\",\"width\":512,\"height\":512,\"caption\":\"admin\"},\"logo\":{\"@id\":\"https:\\\/\\\/freier-redner-thomas-daamen.de\\\/wp-content\\\/uploads\\\/2025\\\/05\\\/cropped-favicon_TD.png\"},\"sameAs\":[\"https:\\\/\\\/freier-redner-thomas-daamen.de\",\"https:\\\/\\\/www.facebook.com\\\/thomas.daamen.14\",\"https:\\\/\\\/www.instagram.com\\\/chico.bravo_\\\/\",\"https:\\\/\\\/www.linkedin.com\\\/in\\\/thomas-daamen\\\/\"]}]}<\/script>\n<!-- \/ Yoast SEO plugin. -->","yoast_head_json":{"title":"M\u00fcnchen & Bayern: Trauredner - Redner f\u00fcr Eure Freie Trauung - Thomas Daamen | Zertifizierter Freier Redner (ZFR) | Freier Redner (IHK)","description":"Euer Tag, Eure Geschichte, Eure Momente: Hochzeits- & Trauredner Thomas f\u00fcr Eure Trauung. Gemeinsam Eure unvergessliche Hochzeit gestalten!","robots":{"index":"index","follow":"follow","max-snippet":"max-snippet:-1","max-image-preview":"max-image-preview:large","max-video-preview":"max-video-preview:-1"},"canonical":"https:\/\/freier-redner-thomas-daamen.de\/en\/freie-trauung\/","og_locale":"en_US","og_type":"article","og_title":"M\u00fcnchen & Bayern: Trauredner - Redner f\u00fcr Eure Freie Trauung - Thomas Daamen | Zertifizierter Freier Redner (ZFR) | Freier Redner (IHK)","og_description":"Euer Tag, Eure Geschichte, Eure Momente: Hochzeits- & Trauredner Thomas f\u00fcr Eure Trauung. Gemeinsam Eure unvergessliche Hochzeit gestalten!","og_url":"https:\/\/freier-redner-thomas-daamen.de\/en\/freie-trauung\/","og_site_name":"Thomas Daamen | Zertifizierter Freier Redner (ZFR) | Freier Redner (IHK)","article_publisher":"https:\/\/www.facebook.com\/thomas.daamen.14","article_modified_time":"2026-01-21T15:49:44+00:00","og_image":[{"width":1905,"height":539,"url":"https:\/\/freier-redner-thomas-daamen.de\/wp-content\/uploads\/2025\/05\/traurede-brautigam-ehering.jpg","type":"image\/jpeg"}],"twitter_card":"summary_large_image","twitter_misc":{"Est. reading time":"4 minutes"},"schema":{"@context":"https:\/\/schema.org","@graph":[{"@type":"WebPage","@id":"https:\/\/freier-redner-thomas-daamen.de\/freie-trauung\/","url":"https:\/\/freier-redner-thomas-daamen.de\/freie-trauung\/","name":"M\u00fcnchen & Bayern: Trauredner - Redner f\u00fcr Eure Freie Trauung - Thomas Daamen | Zertifizierter Freier Redner (ZFR) | Freier Redner (IHK)","isPartOf":{"@id":"https:\/\/freier-redner-thomas-daamen.de\/#website"},"primaryImageOfPage":{"@id":"https:\/\/freier-redner-thomas-daamen.de\/freie-trauung\/#primaryimage"},"image":{"@id":"https:\/\/freier-redner-thomas-daamen.de\/freie-trauung\/#primaryimage"},"thumbnailUrl":"https:\/\/freier-redner-thomas-daamen.de\/wp-content\/uploads\/2025\/05\/traurede-brautigam-ehering.jpg","datePublished":"2025-04-26T15:14:38+00:00","dateModified":"2026-01-21T15:49:44+00:00","description":"Euer Tag, Eure Geschichte, Eure Momente: Hochzeits- & Trauredner Thomas f\u00fcr Eure Trauung. Gemeinsam Eure unvergessliche Hochzeit gestalten!","breadcrumb":{"@id":"https:\/\/freier-redner-thomas-daamen.de\/freie-trauung\/#breadcrumb"},"inLanguage":"en-US","potentialAction":[{"@type":"ReadAction","target":["https:\/\/freier-redner-thomas-daamen.de\/freie-trauung\/"]}]},{"@type":"ImageObject","inLanguage":"en-US","@id":"https:\/\/freier-redner-thomas-daamen.de\/freie-trauung\/#primaryimage","url":"https:\/\/freier-redner-thomas-daamen.de\/wp-content\/uploads\/2025\/05\/traurede-brautigam-ehering.jpg","contentUrl":"https:\/\/freier-redner-thomas-daamen.de\/wp-content\/uploads\/2025\/05\/traurede-brautigam-ehering.jpg"},{"@type":"BreadcrumbList","@id":"https:\/\/freier-redner-thomas-daamen.de\/freie-trauung\/#breadcrumb","itemListElement":[{"@type":"ListItem","position":1,"name":"Startseite","item":"https:\/\/freier-redner-thomas-daamen.de\/"},{"@type":"ListItem","position":2,"name":"Trauredner &#8211; Redner f\u00fcr Eure Freie Trauung"}]},{"@type":"WebSite","@id":"https:\/\/freier-redner-thomas-daamen.de\/#website","url":"https:\/\/freier-redner-thomas-daamen.de\/","name":"Thomas Daamen | Certified Celebrant (ZFR) | Celebrant (IHK)","description":"Hochzeitsredner Trauredner Trauerredner in M&uuml;nchen und Bayern","publisher":{"@id":"https:\/\/freier-redner-thomas-daamen.de\/#\/schema\/person\/0905f51c6fa3b02c1828397d130b28c6"},"potentialAction":[{"@type":"SearchAction","target":{"@type":"EntryPoint","urlTemplate":"https:\/\/freier-redner-thomas-daamen.de\/?s={search_term_string}"},"query-input":{"@type":"PropertyValueSpecification","valueRequired":true,"valueName":"search_term_string"}}],"inLanguage":"en-US"},{"@type":["Person","Organization"],"@id":"https:\/\/freier-redner-thomas-daamen.de\/#\/schema\/person\/0905f51c6fa3b02c1828397d130b28c6","name":"admin","image":{"@type":"ImageObject","inLanguage":"en-US","@id":"https:\/\/freier-redner-thomas-daamen.de\/wp-content\/uploads\/2025\/05\/cropped-favicon_TD.png","url":"https:\/\/freier-redner-thomas-daamen.de\/wp-content\/uploads\/2025\/05\/cropped-favicon_TD.png","contentUrl":"https:\/\/freier-redner-thomas-daamen.de\/wp-content\/uploads\/2025\/05\/cropped-favicon_TD.png","width":512,"height":512,"caption":"admin"},"logo":{"@id":"https:\/\/freier-redner-thomas-daamen.de\/wp-content\/uploads\/2025\/05\/cropped-favicon_TD.png"},"sameAs":["https:\/\/freier-redner-thomas-daamen.de","https:\/\/www.facebook.com\/thomas.daamen.14","https:\/\/www.instagram.com\/chico.bravo_\/","https:\/\/www.linkedin.com\/in\/thomas-daamen\/"]}]}},"_links":{"self":[{"href":"https:\/\/freier-redner-thomas-daamen.de\/en\/wp-json\/wp\/v2\/pages\/815","targetHints":{"allow":["GET"]}}],"collection":[{"href":"https:\/\/freier-redner-thomas-daamen.de\/en\/wp-json\/wp\/v2\/pages"}],"about":[{"href":"https:\/\/freier-redner-thomas-daamen.de\/en\/wp-json\/wp\/v2\/types\/page"}],"author":[{"embeddable":true,"href":"https:\/\/freier-redner-thomas-daamen.de\/en\/wp-json\/wp\/v2\/users\/2"}],"replies":[{"embeddable":true,"href":"https:\/\/freier-redner-thomas-daamen.de\/en\/wp-json\/wp\/v2\/comments?post=815"}],"version-history":[{"count":22,"href":"https:\/\/freier-redner-thomas-daamen.de\/en\/wp-json\/wp\/v2\/pages\/815\/revisions"}],"predecessor-version":[{"id":1191,"href":"https:\/\/freier-redner-thomas-daamen.de\/en\/wp-json\/wp\/v2\/pages\/815\/revisions\/1191"}],"wp:attachment":[{"href":"https:\/\/freier-redner-thomas-daamen.de\/en\/wp-json\/wp\/v2\/media?parent=815"}],"curies":[{"name":"wp","href":"https:\/\/api.w.org\/{rel}","templated":true}]}}