{"id":12,"date":"2024-10-09T15:14:57","date_gmt":"2024-10-09T15:14:57","guid":{"rendered":"https:\/\/freier-redner-thomas-daamen.de\/kontakt\/"},"modified":"2025-10-21T19:56:53","modified_gmt":"2025-10-21T19:56:53","slug":"kontakt","status":"publish","type":"page","link":"https:\/\/freier-redner-thomas-daamen.de\/en\/kontakt\/","title":{"rendered":"Kontakt &#038; Anfahrt"},"content":{"rendered":"<div class=\"wp-block-group alignfull has-background-background-color has-background has-global-padding is-layout-constrained wp-block-group-is-layout-constrained\" style=\"margin-top:0;margin-bottom:0;padding-top:0;padding-bottom:0\">\n<div class=\"wp-block-cover alignfull\" style=\"padding-top:0;padding-right:var(--wp--preset--spacing--30);padding-bottom:0;padding-left:var(--wp--preset--spacing--30);min-height:250px;aspect-ratio:unset;\"><img loading=\"lazy\" decoding=\"async\" width=\"1024\" height=\"288\" class=\"wp-block-cover__image-background wp-image-1037 size-large\" alt=\"\" src=\"https:\/\/freier-redner-thomas-daamen.de\/wp-content\/uploads\/2025\/05\/kontakt_header-1024x288.jpg\" data-object-fit=\"cover\" srcset=\"https:\/\/freier-redner-thomas-daamen.de\/wp-content\/uploads\/2025\/05\/kontakt_header-1024x288.jpg 1024w, https:\/\/freier-redner-thomas-daamen.de\/wp-content\/uploads\/2025\/05\/kontakt_header-300x84.jpg 300w, https:\/\/freier-redner-thomas-daamen.de\/wp-content\/uploads\/2025\/05\/kontakt_header-768x216.jpg 768w, https:\/\/freier-redner-thomas-daamen.de\/wp-content\/uploads\/2025\/05\/kontakt_header-1536x432.jpg 1536w, https:\/\/freier-redner-thomas-daamen.de\/wp-content\/uploads\/2025\/05\/kontakt_header-18x5.jpg 18w, https:\/\/freier-redner-thomas-daamen.de\/wp-content\/uploads\/2025\/05\/kontakt_header.jpg 1909w\" sizes=\"auto, (max-width: 1024px) 100vw, 1024px\" \/><span aria-hidden=\"true\" class=\"wp-block-cover__background has-black-background-color has-background-dim-40 has-background-dim\"><\/span><div class=\"wp-block-cover__inner-container is-layout-flow wp-block-cover-is-layout-flow\">\n<div class=\"wp-block-group has-global-padding is-layout-constrained wp-block-group-is-layout-constrained\" style=\"padding-top:var(--wp--preset--spacing--60);padding-bottom:var(--wp--preset--spacing--60)\">\n<div class=\"wp-block-columns is-layout-flex wp-container-core-columns-is-layout-28f84493 wp-block-columns-is-layout-flex\">\n<div class=\"wp-block-column is-layout-flow wp-block-column-is-layout-flow\" style=\"flex-basis:100%\"><\/div>\n<\/div>\n<\/div>\n<\/div><\/div>\n<\/div>\n\n\n\n<div class=\"wp-block-group alignfull has-tertiary-background-color has-background has-global-padding is-layout-constrained wp-block-group-is-layout-constrained\" id=\"kontakt\" style=\"margin-top:0;margin-bottom:0;padding-top:var(--wp--preset--spacing--60);padding-bottom:var(--wp--preset--spacing--60)\">\n<div class=\"wp-block-columns alignwide is-layout-flex wp-container-core-columns-is-layout-08c01c1c wp-block-columns-is-layout-flex\">\n<div class=\"wp-block-column is-layout-flow wp-block-column-is-layout-flow\">\n<h2 class=\"wp-block-heading has-large-font-size\">I look forward to hearing from you!<\/h2>\n\n\n\n<p style=\"margin-top:16px\">Would you like to know if your preferred date is still available? Get in touch right away! You have the feeling that the chemistry is right and would like to arrange a meeting right away? Or do you simply have a few more questions? Write me a short message!<\/p>\n\n\n\n<div style=\"height:30px\" aria-hidden=\"true\" class=\"wp-block-spacer\"><\/div>\n\n\n\n<figure class=\"wp-block-image size-full is-resized\"><img loading=\"lazy\" decoding=\"async\" width=\"660\" height=\"528\" src=\"https:\/\/freier-redner-thomas-daamen.de\/wp-content\/uploads\/2025\/09\/Thomas-Daamen-Kontakt-cut660px-2.jpg\" alt=\"\" class=\"wp-image-1101\" style=\"width:610px\" srcset=\"https:\/\/freier-redner-thomas-daamen.de\/wp-content\/uploads\/2025\/09\/Thomas-Daamen-Kontakt-cut660px-2.jpg 660w, https:\/\/freier-redner-thomas-daamen.de\/wp-content\/uploads\/2025\/09\/Thomas-Daamen-Kontakt-cut660px-2-300x240.jpg 300w, https:\/\/freier-redner-thomas-daamen.de\/wp-content\/uploads\/2025\/09\/Thomas-Daamen-Kontakt-cut660px-2-15x12.jpg 15w\" sizes=\"auto, (max-width: 660px) 100vw, 660px\" \/><\/figure>\n\n\n\n<div style=\"height:30px\" aria-hidden=\"true\" class=\"wp-block-spacer\"><\/div>\n\n\n\n<h1 class=\"wp-block-heading has-large-font-size\">Do you prefer to contact me by phone?<\/h1>\n\n\n\n<p>Feel free to contact me directly on +49 (0) 163 5100177.<\/p>\n<\/div>\n\n\n\n<div class=\"wp-block-column is-layout-flow wp-block-column-is-layout-flow\">\n<div class=\"wp-block-contact-form-7-contact-form-selector\">\n<div class=\"wpcf7 no-js\" id=\"wpcf7-f9-o1\" lang=\"de-DE\" dir=\"ltr\" data-wpcf7-id=\"9\">\n<div class=\"screen-reader-response\"><p role=\"status\" aria-live=\"polite\" aria-atomic=\"true\"><\/p> <ul><\/ul><\/div>\n<form action=\"\/en\/wp-json\/wp\/v2\/pages\/12#wpcf7-f9-o1\" method=\"post\" class=\"wpcf7-form init\" aria-label=\"Contact form\" enctype=\"multipart\/form-data\" novalidate=\"novalidate\" data-status=\"init\" data-trp-original-action=\"\/en\/wp-json\/wp\/v2\/pages\/12#wpcf7-f9-o1\">\n<fieldset class=\"hidden-fields-container\"><input type=\"hidden\" name=\"_wpcf7\" value=\"9\" \/><input type=\"hidden\" name=\"_wpcf7_version\" value=\"6.1.5\" \/><input type=\"hidden\" name=\"_wpcf7_locale\" value=\"de_DE\" \/><input type=\"hidden\" name=\"_wpcf7_unit_tag\" value=\"wpcf7-f9-o1\" \/><input type=\"hidden\" name=\"_wpcf7_container_post\" value=\"0\" \/><input type=\"hidden\" name=\"_wpcf7_posted_data_hash\" value=\"\" \/>\n<\/fieldset>\n<p><label> Your name<br \/>\n<span class=\"wpcf7-form-control-wrap\" data-name=\"your-name\"><input size=\"40\" maxlength=\"400\" class=\"wpcf7-form-control wpcf7-text wpcf7-validates-as-required\" autocomplete=\"name\" aria-required=\"true\" aria-invalid=\"false\" value=\"\" type=\"text\" name=\"your-name\" \/><\/span> <\/label>\n<\/p>\n<p><label> Your e-mail address<br \/>\n<span class=\"wpcf7-form-control-wrap\" data-name=\"your-email\"><input size=\"40\" maxlength=\"400\" class=\"wpcf7-form-control wpcf7-email wpcf7-validates-as-required wpcf7-text wpcf7-validates-as-email\" autocomplete=\"email\" aria-required=\"true\" aria-invalid=\"false\" value=\"\" type=\"email\" name=\"your-email\" \/><\/span> <\/label>\n<\/p>\n<p><label> Nature of the ceremony<br \/>\n<span class=\"wpcf7-form-control-wrap\" data-name=\"menu-76\"><select class=\"wpcf7-form-control wpcf7-select wpcf7-validates-as-required\" aria-required=\"true\" aria-invalid=\"false\" name=\"menu-76\"><option value=\"\">- Please select -<\/option><option value=\"Freie Trauung\">Non-Religious Wedding Ceremony<\/option><option value=\"Kinderwillkommensfest\">Welcoming Party for Children<\/option><option value=\"Trauerfeier\">Bereavement Ceremony<\/option><option value=\"Jubil\u00e4um &amp; Co.\">Anniversary &amp; Co.<\/option><option value=\"Nichts von alledem\">None of this<\/option><\/select><\/span> <\/label>\n<\/p>\n<p><label> Date of the ceremony (if you do not yet know the exact date, please enter today's date as a placeholder)<br \/>\n<span class=\"wpcf7-form-control-wrap\" data-name=\"date-438\"><input class=\"wpcf7-form-control wpcf7-date wpcf7-validates-as-required wpcf7-validates-as-date\" aria-required=\"true\" aria-invalid=\"false\" value=\"\" type=\"date\" name=\"date-438\" \/><\/span> <\/label>\n<\/p>\n<p><label> Ort der Zeremonie (falls Ihr den genauen Ort noch nicht kennt, macht bitte eine ungef\u00e4hre Angabe, z.B. \"M\u00fcnchen-Haidhausen\" oder \"Tegernsee\")<br \/>\n<span class=\"wpcf7-form-control-wrap\" data-name=\"textarea-248\"><textarea cols=\"40\" rows=\"10\" maxlength=\"2000\" class=\"wpcf7-form-control wpcf7-textarea wpcf7-validates-as-required\" aria-required=\"true\" aria-invalid=\"false\" name=\"textarea-248\"><\/textarea><\/span> <\/label>\n<\/p>\n<p><label> Subject<br \/>\n<span class=\"wpcf7-form-control-wrap\" data-name=\"your-subject\"><input size=\"40\" maxlength=\"400\" class=\"wpcf7-form-control wpcf7-text wpcf7-validates-as-required\" aria-required=\"true\" aria-invalid=\"false\" value=\"\" type=\"text\" name=\"your-subject\" \/><\/span> <\/label>\n<\/p>\n<p><label> Your message<br \/>\n<span class=\"wpcf7-form-control-wrap\" data-name=\"your-message\"><textarea cols=\"40\" rows=\"10\" maxlength=\"2000\" class=\"wpcf7-form-control wpcf7-textarea\" aria-invalid=\"false\" name=\"your-message\"><\/textarea><\/span> <\/label>\n<\/p>\n<p><label> Attach file<br \/>\n<span class=\"wpcf7-form-control-wrap\" data-name=\"file-687\"><input size=\"40\" class=\"wpcf7-form-control wpcf7-file\" accept=\"audio\/*,video\/*,image\/*\" aria-invalid=\"false\" type=\"file\" name=\"file-687\" \/><\/span><br \/>\n<input class=\"wpcf7-form-control wpcf7-submit has-spinner\" type=\"submit\" value=\"Send\" \/><\/label>\n<\/p><div class=\"wpcf7-response-output\" aria-hidden=\"true\"><\/div>\n<input type=\"hidden\" name=\"trp-form-language\" value=\"en\"\/><\/form>\n<\/div>\n<\/div>\n<\/div>\n<\/div>\n<\/div>\n\n\n\n<div class=\"wp-block-group alignfull has-background-background-color has-background has-global-padding is-layout-constrained wp-container-core-group-is-layout-7276a2bb wp-block-group-is-layout-constrained\" style=\"margin-top:0;margin-bottom:0;padding-top:var(--wp--preset--spacing--60);padding-right:var(--wp--preset--spacing--30);padding-bottom:var(--wp--preset--spacing--60);padding-left:var(--wp--preset--spacing--30)\">\n<div class=\"wp-block-group alignfull has-global-padding is-layout-constrained wp-block-group-is-layout-constrained\" id=\"kontakt\" style=\"margin-top:0;margin-bottom:0;padding-top:var(--wp--preset--spacing--60);padding-bottom:var(--wp--preset--spacing--60)\">\n<div class=\"wp-block-columns alignwide is-layout-flex wp-container-core-columns-is-layout-08c01c1c wp-block-columns-is-layout-flex\">\n<div class=\"wp-block-column is-layout-flow wp-block-column-is-layout-flow\">\n<h2 class=\"wp-block-heading has-large-font-size\">Address<\/h2>\n\n\n\n<p style=\"margin-top:16px\">Thomas Daamen <\/p>\n\n\n\n<p style=\"margin-top:16px\">Certified Celebrant (ZFR) | Celebrant (IHK)<\/p>\n\n\n\n<p style=\"margin-top:16px\">Maria-Ward-Str. 20 <\/p>\n\n\n\n<p style=\"margin-top:16px\">80638 Munich <\/p>\n\n\n\n<p style=\"margin-top:16px\">Germany<\/p>\n\n\n\n<p style=\"margin-top:16px\"><\/p>\n\n\n\n<p><\/p>\n\n\n\n<p><\/p>\n<\/div>\n\n\n\n<div class=\"wp-block-column is-layout-flow wp-block-column-is-layout-flow\"><div id=\"wpgmza_map_1\" class=\"wpgmza_map wpgmza-auto-left\" style=\"display:block;width:100%;height:400px;overflow:hidden;position:relative;\" data-map-id=\"1\" data-maps-engine=\"open-layers\" data-build-engine=\"atlas-novus\" data-shortcode-attributes=\"{&quot;id&quot;:&quot;1&quot;,&quot;zoom&quot;:false,&quot;width&quot;:false,&quot;height&quot;:false,&quot;marker&quot;:false,&quot;classname&quot;:false}\" data-settings=\"{&quot;map_title&quot;:&quot;Meine erste Karte&quot;,&quot;map_width&quot;:&quot;100&quot;,&quot;map_height&quot;:&quot;400&quot;,&quot;map_start_lat&quot;:&quot;48.19960184029682&quot;,&quot;map_start_lng&quot;:&quot;11.648849398903929&quot;,&quot;map_start_location&quot;:&quot;45.950464398418106,-109.81550500000003&quot;,&quot;map_start_zoom&quot;:&quot;9&quot;,&quot;default_marker&quot;:&quot;&quot;,&quot;type&quot;:&quot;0&quot;,&quot;alignment&quot;:&quot;4&quot;,&quot;directions_enabled&quot;:&quot;0&quot;,&quot;styling_enabled&quot;:&quot;0&quot;,&quot;styling_json&quot;:&quot;&quot;,&quot;active&quot;:&quot;0&quot;,&quot;kml&quot;:&quot;&quot;,&quot;bicycle&quot;:&quot;0&quot;,&quot;traffic&quot;:&quot;0&quot;,&quot;dbox&quot;:&quot;0&quot;,&quot;dbox_width&quot;:&quot;&quot;,&quot;listmarkers&quot;:&quot;0&quot;,&quot;listmarkers_advanced&quot;:&quot;0&quot;,&quot;filterbycat&quot;:&quot;0&quot;,&quot;ugm_enabled&quot;:&quot;0&quot;,&quot;ugm_category_enabled&quot;:&quot;0&quot;,&quot;fusion&quot;:&quot;&quot;,&quot;map_width_type&quot;:&quot;%&quot;,&quot;map_height_type&quot;:&quot;px&quot;,&quot;mass_marker_support&quot;:&quot;0&quot;,&quot;ugm_access&quot;:&quot;0&quot;,&quot;order_markers_by&quot;:&quot;0&quot;,&quot;order_markers_choice&quot;:&quot;0&quot;,&quot;show_user_location&quot;:&quot;0&quot;,&quot;default_to&quot;:&quot;&quot;,&quot;map_type&quot;:1,&quot;sl_stroke_color&quot;:&quot;&quot;,&quot;sl_fill_color&quot;:&quot;&quot;,&quot;sl_stroke_opacity&quot;:&quot;&quot;,&quot;sl_fill_opacity&quot;:&quot;&quot;,&quot;transport_layer&quot;:false,&quot;action&quot;:&quot;wpgmza_save_map&quot;,&quot;redirect_to&quot;:&quot;\\\/wp-admin\\\/admin-post.php&quot;,&quot;map_id&quot;:&quot;1&quot;,&quot;wpgmza_savemap&quot;:&quot;Karte speichern&quot;,&quot;http_referer&quot;:&quot;\\\/wp-admin\\\/admin.php?page=wp-google-maps-menu&amp;amp;action=edit&amp;amp;map_id=1&quot;,&quot;wpgmza_id&quot;:&quot;1&quot;,&quot;wpgmza_start_location&quot;:&quot;48.19960184029682,11.648849398903929&quot;,&quot;wpgmza_start_zoom&quot;:&quot;9&quot;,&quot;wpgmza_map_align&quot;:&quot;1&quot;,&quot;store_locator_enabled&quot;:false,&quot;store_locator_distance&quot;:false,&quot;store_locator_search_area&quot;:&quot;radial&quot;,&quot;wpgmza_store_locator_default_radius&quot;:&quot;10&quot;,&quot;store_locator_auto_area_max_zoom&quot;:&quot;&quot;,&quot;wpgmza_store_locator_radius_style&quot;:&quot;legacy&quot;,&quot;store_locator_component_anchor&quot;:&quot;0&quot;,&quot;wpgmza_store_locator_bounce&quot;:false,&quot;wpgmza_sl_animation&quot;:null,&quot;store_locator_query_string&quot;:&quot;&quot;,&quot;store_locator_location_placeholder&quot;:&quot;&quot;,&quot;store_locator_default_address&quot;:&quot;&quot;,&quot;store_locator_name_search&quot;:false,&quot;store_locator_name_string&quot;:&quot;&quot;,&quot;store_locator_not_found_message&quot;:&quot;&quot;,&quot;store_locator_show_distance&quot;:false,&quot;store_locator_category&quot;:false,&quot;wpgmza_store_locator_use_their_location&quot;:false,&quot;wpgmza_store_locator_hide_before_search&quot;:false,&quot;store_locator_nearby_searches&quot;:false,&quot;wpgmza_ol_tile_filter&quot;:&quot;none&quot;,&quot;wpgmza_theme_data&quot;:&quot;&quot;,&quot;custom_tile_enabled&quot;:false,&quot;custom_tile_image&quot;:&quot;&quot;,&quot;custom_tile_image_width&quot;:&quot;&quot;,&quot;custom_tile_image_height&quot;:&quot;&quot;,&quot;custom_tile_image_attribution&quot;:&quot;&quot;,&quot;iw_primary_color&quot;:&quot;#000000&quot;,&quot;iw_accent_color&quot;:&quot;#000000&quot;,&quot;iw_text_color&quot;:&quot;#000000&quot;,&quot;close_infowindow_on_map_click&quot;:false,&quot;marker_share_links&quot;:false,&quot;wpgmza_listmarkers_by&quot;:&quot;0&quot;,&quot;marker_listing_component_anchor&quot;:null,&quot;marker_listing_component_auto_open&quot;:false,&quot;dataTable_pagination_style&quot;:null,&quot;category_filter_component_anchor&quot;:null,&quot;zoom_level_on_marker_listing_override&quot;:false,&quot;zoom_level_on_marker_listing_click&quot;:&quot;&quot;,&quot;marker_listing_disable_zoom&quot;:false,&quot;datatable_no_result_message&quot;:&quot;&quot;,&quot;remove_search_box_datables&quot;:false,&quot;datatable_search_string&quot;:&quot;&quot;,&quot;datatable_result_start&quot;:&quot;&quot;,&quot;datatable_result_of&quot;:&quot;&quot;,&quot;datatable_result_to&quot;:&quot;&quot;,&quot;datatable_result_total&quot;:&quot;&quot;,&quot;datatable_result_show&quot;:&quot;&quot;,&quot;datatable_result_entries&quot;:&quot;&quot;,&quot;category_legends_enabled&quot;:false,&quot;category_legends_component_anchor&quot;:null,&quot;jump_to_nearest_marker_on_initialization&quot;:false,&quot;click_open_link&quot;:false,&quot;wpgmza_zoom_on_marker_click&quot;:false,&quot;wpgmza_zoom_on_marker_click_slider&quot;:&quot;&quot;,&quot;enable_marker_labels&quot;:false,&quot;polygon_labels&quot;:false,&quot;disable_polygon_info_windows&quot;:false,&quot;fit_maps_bounds_to_markers&quot;:false,&quot;fit_maps_bounds_to_markers_after_filtering&quot;:false,&quot;automatically_pan_to_users_location&quot;:false,&quot;override_users_location_zoom_level&quot;:false,&quot;override_users_location_zoom_levels&quot;:&quot;&quot;,&quot;show_distance_from_location&quot;:false,&quot;map_starts_in_streetview&quot;:false,&quot;map_starts_in_streetview_location&quot;:&quot;&quot;,&quot;map_starts_in_streetview_heading&quot;:&quot;&quot;,&quot;map_starts_in_streetview_pitch&quot;:&quot;&quot;,&quot;map_max_zoom&quot;:&quot;21&quot;,&quot;map_min_zoom&quot;:&quot;0&quot;,&quot;zoom_level_mobile_override_enabled&quot;:false,&quot;zoom_level_mobile_override&quot;:&quot;&quot;,&quot;hide_point_of_interest&quot;:false,&quot;disable_lightbox_images&quot;:false,&quot;use_Raw_Jpeg_Coordinates&quot;:false,&quot;enable_marker_ratings&quot;:false,&quot;only_load_markers_within_viewport&quot;:false,&quot;id&quot;:1}\" ><\/div><\/div>\n<\/div>\n<\/div>\n<\/div>","protected":false},"excerpt":{"rendered":"<p>Ich freue mich auf Eure Nachricht! Ihr m\u00f6chtet wissen, ob Euer Wunschtermin noch frei ist? Nehmt gern gleich Kontakt auf! Ihr habt das Gef\u00fchl, dass die Chemie stimmt und m\u00f6chtet gleich ein Kennenlernen vereinbaren? Oder habt einfach noch ein paar Fragen? Schreibt mir eine kurze Nachricht! Kontakt lieber per Telefon? Nat\u00fcrlich k\u00f6nnt Ihr mich direkt [&hellip;]<\/p>\n","protected":false},"author":1,"featured_media":0,"parent":0,"menu_order":0,"comment_status":"closed","ping_status":"closed","template":"no-title","meta":{"footnotes":""},"class_list":["post-12","page","type-page","status-publish","hentry"],"yoast_head":"<!-- This site is optimized with the Yoast SEO plugin v27.5 - https:\/\/yoast.com\/product\/yoast-seo-wordpress\/ -->\n<title>Schreiben Sie mir! Kontakt &amp; Anfahrt - Trauredner &amp; Trauerredner Thomas Daamen | Zertifizierter Freier Redner (ZFR) | Freier Redner (IHK)<\/title>\n<meta name=\"description\" content=\"Ich freue mich auf Ihre Nachricht! Kontakt &amp; Anfahrt - Thomas Daamen | Zertifizierter Freier Redner (ZFR) | Freier Redner (IHK)\" \/>\n<meta name=\"robots\" content=\"index, follow, max-snippet:-1, max-image-preview:large, max-video-preview:-1\" \/>\n<link rel=\"canonical\" href=\"https:\/\/freier-redner-thomas-daamen.de\/en\/kontakt\/\" \/>\n<meta property=\"og:locale\" content=\"en_US\" \/>\n<meta property=\"og:type\" content=\"article\" \/>\n<meta property=\"og:title\" content=\"Schreiben Sie mir! Kontakt &amp; Anfahrt - Trauredner &amp; Trauerredner Thomas Daamen | Zertifizierter Freier Redner (ZFR) | Freier Redner (IHK)\" \/>\n<meta property=\"og:description\" content=\"Ich freue mich auf Ihre Nachricht! Kontakt &amp; Anfahrt - Thomas Daamen | Zertifizierter Freier Redner (ZFR) | Freier Redner (IHK)\" \/>\n<meta property=\"og:url\" content=\"https:\/\/freier-redner-thomas-daamen.de\/en\/kontakt\/\" \/>\n<meta property=\"og:site_name\" content=\"Thomas Daamen | Zertifizierter Freier Redner (ZFR) | Freier Redner (IHK)\" \/>\n<meta property=\"article:publisher\" content=\"https:\/\/www.facebook.com\/thomas.daamen.14\" \/>\n<meta property=\"article:modified_time\" content=\"2025-10-21T19:56:53+00:00\" \/>\n<meta property=\"og:image\" content=\"https:\/\/freier-redner-thomas-daamen.de\/wp-content\/uploads\/2025\/05\/kontakt_header.jpg\" \/>\n\t<meta property=\"og:image:width\" content=\"1909\" \/>\n\t<meta property=\"og:image:height\" content=\"537\" \/>\n\t<meta property=\"og:image:type\" content=\"image\/jpeg\" \/>\n<meta name=\"twitter:card\" content=\"summary_large_image\" \/>\n<meta name=\"twitter:label1\" content=\"Est. reading time\" \/>\n\t<meta name=\"twitter:data1\" content=\"1 minute\" \/>\n<script type=\"application\/ld+json\" class=\"yoast-schema-graph\">{\"@context\":\"https:\\\/\\\/schema.org\",\"@graph\":[{\"@type\":\"WebPage\",\"@id\":\"https:\\\/\\\/freier-redner-thomas-daamen.de\\\/kontakt\\\/\",\"url\":\"https:\\\/\\\/freier-redner-thomas-daamen.de\\\/kontakt\\\/\",\"name\":\"Schreiben Sie mir! Kontakt & Anfahrt - Trauredner & Trauerredner Thomas Daamen | Zertifizierter Freier Redner (ZFR) | Freier Redner (IHK)\",\"isPartOf\":{\"@id\":\"https:\\\/\\\/freier-redner-thomas-daamen.de\\\/#website\"},\"primaryImageOfPage\":{\"@id\":\"https:\\\/\\\/freier-redner-thomas-daamen.de\\\/kontakt\\\/#primaryimage\"},\"image\":{\"@id\":\"https:\\\/\\\/freier-redner-thomas-daamen.de\\\/kontakt\\\/#primaryimage\"},\"thumbnailUrl\":\"https:\\\/\\\/freier-redner-thomas-daamen.de\\\/wp-content\\\/uploads\\\/2025\\\/05\\\/kontakt_header-1024x288.jpg\",\"datePublished\":\"2024-10-09T15:14:57+00:00\",\"dateModified\":\"2025-10-21T19:56:53+00:00\",\"description\":\"Ich freue mich auf Ihre Nachricht! Kontakt & Anfahrt - Thomas Daamen | Zertifizierter Freier Redner (ZFR) | Freier Redner (IHK)\",\"breadcrumb\":{\"@id\":\"https:\\\/\\\/freier-redner-thomas-daamen.de\\\/kontakt\\\/#breadcrumb\"},\"inLanguage\":\"en-US\",\"potentialAction\":[{\"@type\":\"ReadAction\",\"target\":[\"https:\\\/\\\/freier-redner-thomas-daamen.de\\\/kontakt\\\/\"]}]},{\"@type\":\"ImageObject\",\"inLanguage\":\"en-US\",\"@id\":\"https:\\\/\\\/freier-redner-thomas-daamen.de\\\/kontakt\\\/#primaryimage\",\"url\":\"https:\\\/\\\/freier-redner-thomas-daamen.de\\\/wp-content\\\/uploads\\\/2025\\\/05\\\/kontakt_header-1024x288.jpg\",\"contentUrl\":\"https:\\\/\\\/freier-redner-thomas-daamen.de\\\/wp-content\\\/uploads\\\/2025\\\/05\\\/kontakt_header-1024x288.jpg\"},{\"@type\":\"BreadcrumbList\",\"@id\":\"https:\\\/\\\/freier-redner-thomas-daamen.de\\\/kontakt\\\/#breadcrumb\",\"itemListElement\":[{\"@type\":\"ListItem\",\"position\":1,\"name\":\"Startseite\",\"item\":\"https:\\\/\\\/freier-redner-thomas-daamen.de\\\/\"},{\"@type\":\"ListItem\",\"position\":2,\"name\":\"Kontakt &#038; Anfahrt\"}]},{\"@type\":\"WebSite\",\"@id\":\"https:\\\/\\\/freier-redner-thomas-daamen.de\\\/#website\",\"url\":\"https:\\\/\\\/freier-redner-thomas-daamen.de\\\/\",\"name\":\"Thomas Daamen | Zertifizierter Freier Redner (ZFR) | Freier Redner (IHK)\",\"description\":\"Hochzeitsredner Trauredner Trauerredner in M&uuml;nchen und Bayern\",\"publisher\":{\"@id\":\"https:\\\/\\\/freier-redner-thomas-daamen.de\\\/#\\\/schema\\\/person\\\/0905f51c6fa3b02c1828397d130b28c6\"},\"potentialAction\":[{\"@type\":\"SearchAction\",\"target\":{\"@type\":\"EntryPoint\",\"urlTemplate\":\"https:\\\/\\\/freier-redner-thomas-daamen.de\\\/?s={search_term_string}\"},\"query-input\":{\"@type\":\"PropertyValueSpecification\",\"valueRequired\":true,\"valueName\":\"search_term_string\"}}],\"inLanguage\":\"en-US\"},{\"@type\":[\"Person\",\"Organization\"],\"@id\":\"https:\\\/\\\/freier-redner-thomas-daamen.de\\\/#\\\/schema\\\/person\\\/0905f51c6fa3b02c1828397d130b28c6\",\"name\":\"admin\",\"image\":{\"@type\":\"ImageObject\",\"inLanguage\":\"en-US\",\"@id\":\"https:\\\/\\\/freier-redner-thomas-daamen.de\\\/wp-content\\\/uploads\\\/2025\\\/05\\\/cropped-favicon_TD.png\",\"url\":\"https:\\\/\\\/freier-redner-thomas-daamen.de\\\/wp-content\\\/uploads\\\/2025\\\/05\\\/cropped-favicon_TD.png\",\"contentUrl\":\"https:\\\/\\\/freier-redner-thomas-daamen.de\\\/wp-content\\\/uploads\\\/2025\\\/05\\\/cropped-favicon_TD.png\",\"width\":512,\"height\":512,\"caption\":\"admin\"},\"logo\":{\"@id\":\"https:\\\/\\\/freier-redner-thomas-daamen.de\\\/wp-content\\\/uploads\\\/2025\\\/05\\\/cropped-favicon_TD.png\"},\"sameAs\":[\"https:\\\/\\\/freier-redner-thomas-daamen.de\",\"https:\\\/\\\/www.facebook.com\\\/thomas.daamen.14\",\"https:\\\/\\\/www.instagram.com\\\/chico.bravo_\\\/\",\"https:\\\/\\\/www.linkedin.com\\\/in\\\/thomas-daamen\\\/\"]}]}<\/script>\n<!-- \/ Yoast SEO plugin. -->","yoast_head_json":{"title":"Schreiben Sie mir! Kontakt & Anfahrt - Trauredner & Trauerredner Thomas Daamen | Zertifizierter Freier Redner (ZFR) | Freier Redner (IHK)","description":"Ich freue mich auf Ihre Nachricht! Kontakt & Anfahrt - Thomas Daamen | Zertifizierter Freier Redner (ZFR) | Freier Redner (IHK)","robots":{"index":"index","follow":"follow","max-snippet":"max-snippet:-1","max-image-preview":"max-image-preview:large","max-video-preview":"max-video-preview:-1"},"canonical":"https:\/\/freier-redner-thomas-daamen.de\/en\/kontakt\/","og_locale":"en_US","og_type":"article","og_title":"Schreiben Sie mir! Kontakt & Anfahrt - Trauredner & Trauerredner Thomas Daamen | Zertifizierter Freier Redner (ZFR) | Freier Redner (IHK)","og_description":"Ich freue mich auf Ihre Nachricht! Kontakt & Anfahrt - Thomas Daamen | Zertifizierter Freier Redner (ZFR) | Freier Redner (IHK)","og_url":"https:\/\/freier-redner-thomas-daamen.de\/en\/kontakt\/","og_site_name":"Thomas Daamen | Zertifizierter Freier Redner (ZFR) | Freier Redner (IHK)","article_publisher":"https:\/\/www.facebook.com\/thomas.daamen.14","article_modified_time":"2025-10-21T19:56:53+00:00","og_image":[{"width":1909,"height":537,"url":"https:\/\/freier-redner-thomas-daamen.de\/wp-content\/uploads\/2025\/05\/kontakt_header.jpg","type":"image\/jpeg"}],"twitter_card":"summary_large_image","twitter_misc":{"Est. reading time":"1 minute"},"schema":{"@context":"https:\/\/schema.org","@graph":[{"@type":"WebPage","@id":"https:\/\/freier-redner-thomas-daamen.de\/kontakt\/","url":"https:\/\/freier-redner-thomas-daamen.de\/kontakt\/","name":"Schreiben Sie mir! Kontakt & Anfahrt - Trauredner & Trauerredner Thomas Daamen | Zertifizierter Freier Redner (ZFR) | Freier Redner (IHK)","isPartOf":{"@id":"https:\/\/freier-redner-thomas-daamen.de\/#website"},"primaryImageOfPage":{"@id":"https:\/\/freier-redner-thomas-daamen.de\/kontakt\/#primaryimage"},"image":{"@id":"https:\/\/freier-redner-thomas-daamen.de\/kontakt\/#primaryimage"},"thumbnailUrl":"https:\/\/freier-redner-thomas-daamen.de\/wp-content\/uploads\/2025\/05\/kontakt_header-1024x288.jpg","datePublished":"2024-10-09T15:14:57+00:00","dateModified":"2025-10-21T19:56:53+00:00","description":"Ich freue mich auf Ihre Nachricht! Kontakt & Anfahrt - Thomas Daamen | Zertifizierter Freier Redner (ZFR) | Freier Redner (IHK)","breadcrumb":{"@id":"https:\/\/freier-redner-thomas-daamen.de\/kontakt\/#breadcrumb"},"inLanguage":"en-US","potentialAction":[{"@type":"ReadAction","target":["https:\/\/freier-redner-thomas-daamen.de\/kontakt\/"]}]},{"@type":"ImageObject","inLanguage":"en-US","@id":"https:\/\/freier-redner-thomas-daamen.de\/kontakt\/#primaryimage","url":"https:\/\/freier-redner-thomas-daamen.de\/wp-content\/uploads\/2025\/05\/kontakt_header-1024x288.jpg","contentUrl":"https:\/\/freier-redner-thomas-daamen.de\/wp-content\/uploads\/2025\/05\/kontakt_header-1024x288.jpg"},{"@type":"BreadcrumbList","@id":"https:\/\/freier-redner-thomas-daamen.de\/kontakt\/#breadcrumb","itemListElement":[{"@type":"ListItem","position":1,"name":"Startseite","item":"https:\/\/freier-redner-thomas-daamen.de\/"},{"@type":"ListItem","position":2,"name":"Kontakt &#038; Anfahrt"}]},{"@type":"WebSite","@id":"https:\/\/freier-redner-thomas-daamen.de\/#website","url":"https:\/\/freier-redner-thomas-daamen.de\/","name":"Thomas Daamen | Certified Celebrant (ZFR) | Celebrant (IHK)","description":"Hochzeitsredner Trauredner Trauerredner in M&uuml;nchen und Bayern","publisher":{"@id":"https:\/\/freier-redner-thomas-daamen.de\/#\/schema\/person\/0905f51c6fa3b02c1828397d130b28c6"},"potentialAction":[{"@type":"SearchAction","target":{"@type":"EntryPoint","urlTemplate":"https:\/\/freier-redner-thomas-daamen.de\/?s={search_term_string}"},"query-input":{"@type":"PropertyValueSpecification","valueRequired":true,"valueName":"search_term_string"}}],"inLanguage":"en-US"},{"@type":["Person","Organization"],"@id":"https:\/\/freier-redner-thomas-daamen.de\/#\/schema\/person\/0905f51c6fa3b02c1828397d130b28c6","name":"admin","image":{"@type":"ImageObject","inLanguage":"en-US","@id":"https:\/\/freier-redner-thomas-daamen.de\/wp-content\/uploads\/2025\/05\/cropped-favicon_TD.png","url":"https:\/\/freier-redner-thomas-daamen.de\/wp-content\/uploads\/2025\/05\/cropped-favicon_TD.png","contentUrl":"https:\/\/freier-redner-thomas-daamen.de\/wp-content\/uploads\/2025\/05\/cropped-favicon_TD.png","width":512,"height":512,"caption":"admin"},"logo":{"@id":"https:\/\/freier-redner-thomas-daamen.de\/wp-content\/uploads\/2025\/05\/cropped-favicon_TD.png"},"sameAs":["https:\/\/freier-redner-thomas-daamen.de","https:\/\/www.facebook.com\/thomas.daamen.14","https:\/\/www.instagram.com\/chico.bravo_\/","https:\/\/www.linkedin.com\/in\/thomas-daamen\/"]}]}},"_links":{"self":[{"href":"https:\/\/freier-redner-thomas-daamen.de\/en\/wp-json\/wp\/v2\/pages\/12","targetHints":{"allow":["GET"]}}],"collection":[{"href":"https:\/\/freier-redner-thomas-daamen.de\/en\/wp-json\/wp\/v2\/pages"}],"about":[{"href":"https:\/\/freier-redner-thomas-daamen.de\/en\/wp-json\/wp\/v2\/types\/page"}],"author":[{"embeddable":true,"href":"https:\/\/freier-redner-thomas-daamen.de\/en\/wp-json\/wp\/v2\/users\/1"}],"replies":[{"embeddable":true,"href":"https:\/\/freier-redner-thomas-daamen.de\/en\/wp-json\/wp\/v2\/comments?post=12"}],"version-history":[{"count":42,"href":"https:\/\/freier-redner-thomas-daamen.de\/en\/wp-json\/wp\/v2\/pages\/12\/revisions"}],"predecessor-version":[{"id":1105,"href":"https:\/\/freier-redner-thomas-daamen.de\/en\/wp-json\/wp\/v2\/pages\/12\/revisions\/1105"}],"wp:attachment":[{"href":"https:\/\/freier-redner-thomas-daamen.de\/en\/wp-json\/wp\/v2\/media?parent=12"}],"curies":[{"name":"wp","href":"https:\/\/api.w.org\/{rel}","templated":true}]}}